{"id":4808,"date":"2014-09-02T16:11:57","date_gmt":"2014-09-02T13:11:57","guid":{"rendered":"http:\/\/www.kariyer.net\/kariyer-rehberi\/?page_id=4808"},"modified":"2015-03-27T10:45:28","modified_gmt":"2015-03-27T08:45:28","slug":"melike-cetinsarac","status":"publish","type":"page","link":"https:\/\/www.kariyer.net\/kariyer-rehberi\/melike-cetinsarac\/","title":{"rendered":"Melike \u00c7etinsara\u00e7"},"content":{"rendered":"<p><img fetchpriority=\"high\" decoding=\"async\" class=\"alignleft\" style=\"margin: 5px;\" alt=\"melikeweb\" src=\"http:\/\/www.kariyer.net\/ik-blog\/wp-content\/uploads\/2014\/09\/melikeweb.jpg\" width=\"200\" height=\"250\" \/>Ayd\u0131n Do\u011fan Anadolu \u0130leti\u015fim Meslek Lisesi\u2019nin Gazetecilik B\u00f6l\u00fcm\u00fc\u2019nde yaz\u0131l\u0131 bas\u0131n muhabirli\u011fi, TV muhabirli\u011fi ve foto muhabirli\u011fi alanlar\u0131nda e\u011fitim ald\u0131. Son s\u0131n\u0131fta Milliyet Gazetesi\u2019nin Cumartesi-Pazar eklerinde bir y\u0131l boyunca staj yapt\u0131. Ard\u0131ndan \u0130stanbul \u00dcniversitesi\u2019nde Radyo \u2013 Televizyon Yay\u0131nc\u0131l\u0131\u011f\u0131 B\u00f6l\u00fcm\u00fc&#8217;n\u00fc okudu. \u00dcniversitedeyken Plato Film\u2019de Avrupa Yakas\u0131 dizi setinde \u00e7al\u0131\u015farak g\u00f6rsel medyay\u0131 da deneyimleme imkan\u0131 buldu. Profesyonel i\u015f hayat\u0131na yerel bir dergide muhabirlik yaparak ba\u015flad\u0131. Yedi y\u0131l boyunca aralar\u0131nda Foto\u011fraf Dergisi, JetLife, Crystal, Chizm, Swissper, Mercedes-Benz Magazin, Alt\u0131nba\u015f Life, Trendsetter \u0130stanbul ve Marketing T\u00fcrkiye\u2019nin de bulundu\u011fu dergiler i\u00e7in i\u00e7erik haz\u0131rlayarak edit\u00f6rl\u00fck yapt\u0131. Radikal Gazetesi\u2019nde r\u00f6portajlar\u0131 ve foto\u011fraflar\u0131 yay\u0131nland\u0131, bir s\u00fcre Log Dergisi\u2019nin de m\u00fczik sayfalar\u0131n\u0131 haz\u0131rlad\u0131.<\/p>\n","protected":false},"excerpt":{"rendered":"<p>Ayd\u0131n Do\u011fan Anadolu \u0130leti\u015fim Meslek Lisesi\u2019nin Gazetecilik B\u00f6l\u00fcm\u00fc\u2019nde yaz\u0131l\u0131 bas\u0131n muhabirli\u011fi, TV muhabirli\u011fi ve foto muhabirli\u011fi alanlar\u0131nda e\u011fitim ald\u0131. Son s\u0131n\u0131fta Milliyet Gazetesi\u2019nin Cumartesi-Pazar eklerinde bir y\u0131l boyunca staj yapt\u0131. Ard\u0131ndan \u0130stanbul \u00dcniversitesi\u2019nde Radyo \u2013 Televizyon Yay\u0131nc\u0131l\u0131\u011f\u0131 B\u00f6l\u00fcm\u00fc&#8217;n\u00fc okudu. \u00dcniversitedeyken Plato Film\u2019de Avrupa Yakas\u0131 dizi setinde \u00e7al\u0131\u015farak g\u00f6rsel medyay\u0131 da deneyimleme imkan\u0131 buldu. Profesyonel i\u015f [&hellip;]<\/p>\n","protected":false},"author":13,"featured_media":0,"parent":0,"menu_order":0,"comment_status":"open","ping_status":"open","template":"","meta":{"footnotes":"","_elementor_edit_mode":"","_elementor_template_type":"","_elementor_data":"","_elementor_page_settings":null,"_elementor_conditions":[]},"class_list":["post-4808","page","type-page","status-publish"],"yoast_head":"<!-- This site is optimized with the Yoast SEO Premium plugin v21.4 (Yoast SEO v27.0) - https:\/\/yoast.com\/product\/yoast-seo-premium-wordpress\/ -->\n<title>Melike \u00c7etinsara\u00e7 | Kariyer Rehberi<\/title>\n<meta name=\"description\" content=\"Ayd\u0131n Do\u011fan Anadolu \u0130leti\u015fim Meslek Lisesi\u2019nin Gazetecilik B\u00f6l\u00fcm\u00fc\u2019nde yaz\u0131l\u0131 bas\u0131n muhabirli\u011fi, TV muhabirli\u011fi ve foto muhabirli\u011fi alanlar\u0131nda e\u011fitim ald\u0131. Son s\u0131n\u0131fta Milliyet Gazetesi\u2019nin Cumartesi-Pazar eklerinde bir y\u0131l boyunca staj yapt\u0131. Ard\u0131ndan \u0130stanbul \u00dcniversitesi\u2019nde Radyo \u2013 Televizyon Yay\u0131nc\u0131l\u0131\u011f\u0131 B\u00f6l\u00fcm\u00fc&#039;n\u00fc okudu. \u00dcniversitedeyken Plato Film\u2019de Avrupa Yakas\u0131 dizi setinde \u00e7al\u0131\u015farak g\u00f6rsel medyay\u0131 da deneyimleme imkan\u0131 buldu. Profesyonel i\u015f hayat\u0131na yerel bir dergide muhabirlik yaparak ba\u015flad\u0131. Yedi y\u0131l boyunca aralar\u0131nda Foto\u011fraf Dergisi, JetLife, Crystal, Chizm, Swissper, Mercedes-Benz Magazin, Alt\u0131nba\u015f Life, Trendsetter \u0130stanbul ve Marketing T\u00fcrkiye\u2019nin de bulundu\u011fu dergiler i\u00e7in i\u00e7erik haz\u0131rlayarak edit\u00f6rl\u00fck yapt\u0131. Radikal Gazetesi\u2019nde r\u00f6portajlar\u0131 ve foto\u011fraflar\u0131 yay\u0131nland\u0131, bir s\u00fcre Log Dergisi\u2019nin de m\u00fczik sayfalar\u0131n\u0131 haz\u0131rlad\u0131.\" \/>\n<meta name=\"robots\" content=\"index, follow, max-snippet:-1, max-image-preview:large, max-video-preview:-1\" \/>\n<link rel=\"canonical\" href=\"https:\/\/www.kariyer.net\/kariyer-rehberi\/melike-cetinsarac\/\" \/>\n<meta property=\"og:locale\" content=\"tr_TR\" \/>\n<meta property=\"og:type\" content=\"article\" \/>\n<meta property=\"og:title\" content=\"Melike \u00c7etinsara\u00e7\" \/>\n<meta property=\"og:description\" content=\"Ayd\u0131n Do\u011fan Anadolu \u0130leti\u015fim Meslek Lisesi\u2019nin Gazetecilik B\u00f6l\u00fcm\u00fc\u2019nde yaz\u0131l\u0131 bas\u0131n muhabirli\u011fi, TV muhabirli\u011fi ve foto muhabirli\u011fi alanlar\u0131nda e\u011fitim\" \/>\n<meta property=\"og:url\" content=\"https:\/\/www.kariyer.net\/kariyer-rehberi\/melike-cetinsarac\/\" \/>\n<meta property=\"og:site_name\" content=\"Kariyer Rehberi\" \/>\n<meta property=\"article:modified_time\" content=\"2015-03-27T08:45:28+00:00\" \/>\n<meta property=\"og:image\" content=\"http:\/\/www.kariyer.net\/ik-blog\/wp-content\/uploads\/2014\/09\/melikeweb.jpg\" \/>\n<meta name=\"twitter:card\" content=\"summary_large_image\" \/>\n<meta name=\"twitter:label1\" content=\"Tahmini okuma s\u00fcresi\" \/>\n\t<meta name=\"twitter:data1\" content=\"1 dakika\" \/>\n<!-- \/ Yoast SEO Premium plugin. -->","yoast_head_json":{"title":"Melike \u00c7etinsara\u00e7 | Kariyer Rehberi","description":"Ayd\u0131n Do\u011fan Anadolu \u0130leti\u015fim Meslek Lisesi\u2019nin Gazetecilik B\u00f6l\u00fcm\u00fc\u2019nde yaz\u0131l\u0131 bas\u0131n muhabirli\u011fi, TV muhabirli\u011fi ve foto muhabirli\u011fi alanlar\u0131nda e\u011fitim ald\u0131. Son s\u0131n\u0131fta Milliyet Gazetesi\u2019nin Cumartesi-Pazar eklerinde bir y\u0131l boyunca staj yapt\u0131. Ard\u0131ndan \u0130stanbul \u00dcniversitesi\u2019nde Radyo \u2013 Televizyon Yay\u0131nc\u0131l\u0131\u011f\u0131 B\u00f6l\u00fcm\u00fc'n\u00fc okudu. \u00dcniversitedeyken Plato Film\u2019de Avrupa Yakas\u0131 dizi setinde \u00e7al\u0131\u015farak g\u00f6rsel medyay\u0131 da deneyimleme imkan\u0131 buldu. Profesyonel i\u015f hayat\u0131na yerel bir dergide muhabirlik yaparak ba\u015flad\u0131. Yedi y\u0131l boyunca aralar\u0131nda Foto\u011fraf Dergisi, JetLife, Crystal, Chizm, Swissper, Mercedes-Benz Magazin, Alt\u0131nba\u015f Life, Trendsetter \u0130stanbul ve Marketing T\u00fcrkiye\u2019nin de bulundu\u011fu dergiler i\u00e7in i\u00e7erik haz\u0131rlayarak edit\u00f6rl\u00fck yapt\u0131. Radikal Gazetesi\u2019nde r\u00f6portajlar\u0131 ve foto\u011fraflar\u0131 yay\u0131nland\u0131, bir s\u00fcre Log Dergisi\u2019nin de m\u00fczik sayfalar\u0131n\u0131 haz\u0131rlad\u0131.","robots":{"index":"index","follow":"follow","max-snippet":"max-snippet:-1","max-image-preview":"max-image-preview:large","max-video-preview":"max-video-preview:-1"},"canonical":"https:\/\/www.kariyer.net\/kariyer-rehberi\/melike-cetinsarac\/","og_locale":"tr_TR","og_type":"article","og_title":"Melike \u00c7etinsara\u00e7","og_description":"Ayd\u0131n Do\u011fan Anadolu \u0130leti\u015fim Meslek Lisesi\u2019nin Gazetecilik B\u00f6l\u00fcm\u00fc\u2019nde yaz\u0131l\u0131 bas\u0131n muhabirli\u011fi, TV muhabirli\u011fi ve foto muhabirli\u011fi alanlar\u0131nda e\u011fitim","og_url":"https:\/\/www.kariyer.net\/kariyer-rehberi\/melike-cetinsarac\/","og_site_name":"Kariyer Rehberi","article_modified_time":"2015-03-27T08:45:28+00:00","og_image":[{"url":"http:\/\/www.kariyer.net\/ik-blog\/wp-content\/uploads\/2014\/09\/melikeweb.jpg","type":"","width":"","height":""}],"twitter_card":"summary_large_image","twitter_misc":{"Tahmini okuma s\u00fcresi":"1 dakika"},"schema":{"@context":"https:\/\/schema.org","@graph":[{"@type":"WebPage","@id":"https:\/\/www.kariyer.net\/kariyer-rehberi\/melike-cetinsarac\/","url":"https:\/\/www.kariyer.net\/kariyer-rehberi\/melike-cetinsarac\/","name":"Melike \u00c7etinsara\u00e7 | Kariyer Rehberi","isPartOf":{"@id":"https:\/\/www.kariyer.net\/kariyer-rehberi\/#website"},"primaryImageOfPage":{"@id":"https:\/\/www.kariyer.net\/kariyer-rehberi\/melike-cetinsarac\/#primaryimage"},"image":{"@id":"https:\/\/www.kariyer.net\/kariyer-rehberi\/melike-cetinsarac\/#primaryimage"},"thumbnailUrl":"http:\/\/www.kariyer.net\/ik-blog\/wp-content\/uploads\/2014\/09\/melikeweb.jpg","datePublished":"2014-09-02T13:11:57+00:00","dateModified":"2015-03-27T08:45:28+00:00","description":"Ayd\u0131n Do\u011fan Anadolu \u0130leti\u015fim Meslek Lisesi\u2019nin Gazetecilik B\u00f6l\u00fcm\u00fc\u2019nde yaz\u0131l\u0131 bas\u0131n muhabirli\u011fi, TV muhabirli\u011fi ve foto muhabirli\u011fi alanlar\u0131nda e\u011fitim ald\u0131. Son s\u0131n\u0131fta Milliyet Gazetesi\u2019nin Cumartesi-Pazar eklerinde bir y\u0131l boyunca staj yapt\u0131. Ard\u0131ndan \u0130stanbul \u00dcniversitesi\u2019nde Radyo \u2013 Televizyon Yay\u0131nc\u0131l\u0131\u011f\u0131 B\u00f6l\u00fcm\u00fc'n\u00fc okudu. \u00dcniversitedeyken Plato Film\u2019de Avrupa Yakas\u0131 dizi setinde \u00e7al\u0131\u015farak g\u00f6rsel medyay\u0131 da deneyimleme imkan\u0131 buldu. Profesyonel i\u015f hayat\u0131na yerel bir dergide muhabirlik yaparak ba\u015flad\u0131. Yedi y\u0131l boyunca aralar\u0131nda Foto\u011fraf Dergisi, JetLife, Crystal, Chizm, Swissper, Mercedes-Benz Magazin, Alt\u0131nba\u015f Life, Trendsetter \u0130stanbul ve Marketing T\u00fcrkiye\u2019nin de bulundu\u011fu dergiler i\u00e7in i\u00e7erik haz\u0131rlayarak edit\u00f6rl\u00fck yapt\u0131. Radikal Gazetesi\u2019nde r\u00f6portajlar\u0131 ve foto\u011fraflar\u0131 yay\u0131nland\u0131, bir s\u00fcre Log Dergisi\u2019nin de m\u00fczik sayfalar\u0131n\u0131 haz\u0131rlad\u0131.","breadcrumb":{"@id":"https:\/\/www.kariyer.net\/kariyer-rehberi\/melike-cetinsarac\/#breadcrumb"},"inLanguage":"tr","potentialAction":[{"@type":"ReadAction","target":["https:\/\/www.kariyer.net\/kariyer-rehberi\/melike-cetinsarac\/"]}]},{"@type":"ImageObject","inLanguage":"tr","@id":"https:\/\/www.kariyer.net\/kariyer-rehberi\/melike-cetinsarac\/#primaryimage","url":"http:\/\/www.kariyer.net\/ik-blog\/wp-content\/uploads\/2014\/09\/melikeweb.jpg","contentUrl":"http:\/\/www.kariyer.net\/ik-blog\/wp-content\/uploads\/2014\/09\/melikeweb.jpg"},{"@type":"BreadcrumbList","@id":"https:\/\/www.kariyer.net\/kariyer-rehberi\/melike-cetinsarac\/#breadcrumb","itemListElement":[{"@type":"ListItem","position":1,"name":"Anasayfa","item":"https:\/\/www.kariyer.net\/kariyer-rehberi\/"},{"@type":"ListItem","position":2,"name":"Melike \u00c7etinsara\u00e7"}]},{"@type":"WebSite","@id":"https:\/\/www.kariyer.net\/kariyer-rehberi\/#website","url":"https:\/\/www.kariyer.net\/kariyer-rehberi\/","name":"Kariyer Rehberi","description":"\u0130\u015f D\u00fcnyas\u0131yla \u0130lgili Bilmek \u0130stedi\u011finiz Her \u015eey","publisher":{"@id":"https:\/\/www.kariyer.net\/kariyer-rehberi\/#organization"},"potentialAction":[{"@type":"SearchAction","target":{"@type":"EntryPoint","urlTemplate":"https:\/\/www.kariyer.net\/kariyer-rehberi\/?s={search_term_string}"},"query-input":{"@type":"PropertyValueSpecification","valueRequired":true,"valueName":"search_term_string"}}],"inLanguage":"tr"},{"@type":"Organization","@id":"https:\/\/www.kariyer.net\/kariyer-rehberi\/#organization","name":"Kariyer.net","url":"https:\/\/www.kariyer.net\/kariyer-rehberi\/","logo":{"@type":"ImageObject","inLanguage":"tr","@id":"https:\/\/www.kariyer.net\/kariyer-rehberi\/#\/schema\/logo\/image\/","url":"https:\/\/www.kariyer.net\/kariyer-rehberi-new\/wp-content\/uploads\/2023\/01\/og-image11.jpg","contentUrl":"https:\/\/www.kariyer.net\/kariyer-rehberi-new\/wp-content\/uploads\/2023\/01\/og-image11.jpg","width":800,"height":800,"caption":"Kariyer.net"},"image":{"@id":"https:\/\/www.kariyer.net\/kariyer-rehberi\/#\/schema\/logo\/image\/"}}]}},"_links":{"self":[{"href":"https:\/\/www.kariyer.net\/kariyer-rehberi\/wp-json\/wp\/v2\/pages\/4808","targetHints":{"allow":["GET"]}}],"collection":[{"href":"https:\/\/www.kariyer.net\/kariyer-rehberi\/wp-json\/wp\/v2\/pages"}],"about":[{"href":"https:\/\/www.kariyer.net\/kariyer-rehberi\/wp-json\/wp\/v2\/types\/page"}],"author":[{"embeddable":true,"href":"https:\/\/www.kariyer.net\/kariyer-rehberi\/wp-json\/wp\/v2\/users\/13"}],"replies":[{"embeddable":true,"href":"https:\/\/www.kariyer.net\/kariyer-rehberi\/wp-json\/wp\/v2\/comments?post=4808"}],"version-history":[{"count":0,"href":"https:\/\/www.kariyer.net\/kariyer-rehberi\/wp-json\/wp\/v2\/pages\/4808\/revisions"}],"wp:attachment":[{"href":"https:\/\/www.kariyer.net\/kariyer-rehberi\/wp-json\/wp\/v2\/media?parent=4808"}],"curies":[{"name":"wp","href":"https:\/\/api.w.org\/{rel}","templated":true}]}}